{"id":9703,"date":"2024-06-01T08:00:34","date_gmt":"2024-06-01T08:00:34","guid":{"rendered":"https:\/\/www.ankarsrum.com\/fr\/?post_type=recipe&#038;p=9703"},"modified":"2024-07-23T11:48:10","modified_gmt":"2024-07-23T09:48:10","slug":"glace-vanille-aux-eclats-de-caramel-sale","status":"publish","type":"recipe","link":"https:\/\/www.ankarsrum.com\/fr\/recette\/glace-vanille-aux-eclats-de-caramel-sale\/","title":{"rendered":"Glace vanille aux \u00e9clats de caramel sal\u00e9"},"content":{"rendered":"","protected":false},"excerpt":{"rendered":"<p>Comblez vos envies de sucre avec une boule de glace au caramel beurre sal\u00e9. Les bienfaits du caramel cr\u00e9meux, parfaitement \u00e9quilibr\u00e9s avec une touche de sel marin, cr\u00e9ent un profil de saveur hors du commun. C&#8217;est le r\u00e9gal ultime pour les amateurs de caramel du monde entier ! <\/p>\n","protected":false},"featured_media":9706,"menu_order":0,"template":"","meta":{"_acf_changed":false,"content-type":"","editor_notices":[],"footnotes":""},"tools":[188,353],"dishes":[167],"class_list":["post-9703","recipe","type-recipe","status-publish","has-post-thumbnail","hentry","recipe-category-glaces","tools-fouets","tools-sorbetiere","dishes-glaces"],"acf":[],"yoast_head":"<!-- This site is optimized with the Yoast SEO Premium plugin v26.6 (Yoast SEO v26.6) - https:\/\/yoast.com\/wordpress\/plugins\/seo\/ -->\n<title>Recipe: Glace vanille aux \u00e9clats de caramel sal\u00e9 - Ankarsrum France<\/title>\n<meta name=\"description\" content=\"Glace cr\u00e9meuse \u00e0 la vanille et au caramel sal\u00e9, cr\u00e9ant un d\u00e9licieux \u00e9quilibre de saveurs sucr\u00e9es et sal\u00e9es dans chaque boule.\" \/>\n<meta name=\"robots\" content=\"index, follow, max-snippet:-1, max-image-preview:large, max-video-preview:-1\" \/>\n<link rel=\"canonical\" href=\"https:\/\/www.ankarsrum.com\/fr\/recette\/glace-vanille-aux-eclats-de-caramel-sale\/\" \/>\n<meta property=\"og:locale\" content=\"fr_FR\" \/>\n<meta property=\"og:type\" content=\"article\" \/>\n<meta property=\"og:title\" content=\"Glace vanille aux \u00e9clats de caramel sal\u00e9\" \/>\n<meta property=\"og:description\" content=\"Glace cr\u00e9meuse \u00e0 la vanille et au caramel sal\u00e9, cr\u00e9ant un d\u00e9licieux \u00e9quilibre de saveurs sucr\u00e9es et sal\u00e9es dans chaque boule.\" \/>\n<meta property=\"og:url\" content=\"https:\/\/www.ankarsrum.com\/fr\/recette\/glace-vanille-aux-eclats-de-caramel-sale\/\" \/>\n<meta property=\"og:site_name\" content=\"Ankarsrum France\" \/>\n<meta property=\"article:modified_time\" content=\"2024-07-23T09:48:10+00:00\" \/>\n<meta property=\"og:image\" content=\"https:\/\/www.ankarsrum.com\/fr\/wp-content\/uploads\/sites\/23\/2024\/04\/glass-1-scaled-e1714383759225.jpg\" \/>\n\t<meta property=\"og:image:width\" content=\"1200\" \/>\n\t<meta property=\"og:image:height\" content=\"630\" \/>\n\t<meta property=\"og:image:type\" content=\"image\/jpeg\" \/>\n<meta name=\"twitter:card\" content=\"summary_large_image\" \/>\n<script type=\"application\/ld+json\" class=\"yoast-schema-graph\">{\"@context\":\"https:\/\/schema.org\",\"@graph\":[{\"@type\":\"WebPage\",\"@id\":\"https:\/\/www.ankarsrum.com\/fr\/recette\/glace-vanille-aux-eclats-de-caramel-sale\/\",\"url\":\"https:\/\/www.ankarsrum.com\/fr\/recette\/glace-vanille-aux-eclats-de-caramel-sale\/\",\"name\":\"Recipe: Glace vanille aux \u00e9clats de caramel sal\u00e9 - Ankarsrum France\",\"isPartOf\":{\"@id\":\"https:\/\/www.ankarsrum.com\/fr\/#website\"},\"primaryImageOfPage\":{\"@id\":\"https:\/\/www.ankarsrum.com\/fr\/recette\/glace-vanille-aux-eclats-de-caramel-sale\/#primaryimage\"},\"image\":{\"@id\":\"https:\/\/www.ankarsrum.com\/fr\/recette\/glace-vanille-aux-eclats-de-caramel-sale\/#primaryimage\"},\"thumbnailUrl\":\"https:\/\/www.ankarsrum.com\/img-srv\/7DW5mWgzHowpxzP8c9JE3JHfOlMfriTxaeVDUMstcFY\/resizing_type:auto\/width:0\/height:0\/gravity:sm\/enlarge:1\/ext:webp\/strip_metadata:1\/quality:90\/cachebuster:filesize-216649\/bG9jYWw6Ly8vd3d3LmFua2Fyc3J1bS5jb20vd3AtY29udGVudC91cGxvYWRzL3NpdGVzLzIzLzIwMjQvMDQvZ2xhc3MtMS1zY2FsZWQtZTE3MTQzODM3NTkyMjUuanBn.webp\",\"datePublished\":\"2024-06-01T08:00:34+00:00\",\"dateModified\":\"2024-07-23T09:48:10+00:00\",\"description\":\"Glace cr\u00e9meuse \u00e0 la vanille et au caramel sal\u00e9, cr\u00e9ant un d\u00e9licieux \u00e9quilibre de saveurs sucr\u00e9es et sal\u00e9es dans chaque boule.\",\"breadcrumb\":{\"@id\":\"https:\/\/www.ankarsrum.com\/fr\/recette\/glace-vanille-aux-eclats-de-caramel-sale\/#breadcrumb\"},\"inLanguage\":\"fr-FR\",\"potentialAction\":[{\"@type\":\"ReadAction\",\"target\":[\"https:\/\/www.ankarsrum.com\/fr\/recette\/glace-vanille-aux-eclats-de-caramel-sale\/\"]}]},{\"@type\":\"ImageObject\",\"inLanguage\":\"fr-FR\",\"@id\":\"https:\/\/www.ankarsrum.com\/fr\/recette\/glace-vanille-aux-eclats-de-caramel-sale\/#primaryimage\",\"url\":\"https:\/\/www.ankarsrum.com\/img-srv\/7DW5mWgzHowpxzP8c9JE3JHfOlMfriTxaeVDUMstcFY\/resizing_type:auto\/width:0\/height:0\/gravity:sm\/enlarge:1\/ext:webp\/strip_metadata:1\/quality:90\/cachebuster:filesize-216649\/bG9jYWw6Ly8vd3d3LmFua2Fyc3J1bS5jb20vd3AtY29udGVudC91cGxvYWRzL3NpdGVzLzIzLzIwMjQvMDQvZ2xhc3MtMS1zY2FsZWQtZTE3MTQzODM3NTkyMjUuanBn.webp\",\"contentUrl\":\"https:\/\/www.ankarsrum.com\/img-srv\/7DW5mWgzHowpxzP8c9JE3JHfOlMfriTxaeVDUMstcFY\/resizing_type:auto\/width:0\/height:0\/gravity:sm\/enlarge:1\/ext:webp\/strip_metadata:1\/quality:90\/cachebuster:filesize-216649\/bG9jYWw6Ly8vd3d3LmFua2Fyc3J1bS5jb20vd3AtY29udGVudC91cGxvYWRzL3NpdGVzLzIzLzIwMjQvMDQvZ2xhc3MtMS1zY2FsZWQtZTE3MTQzODM3NTkyMjUuanBn.webp\",\"width\":1715,\"height\":1715},{\"@type\":\"BreadcrumbList\",\"@id\":\"https:\/\/www.ankarsrum.com\/fr\/recette\/glace-vanille-aux-eclats-de-caramel-sale\/#breadcrumb\",\"itemListElement\":[{\"@type\":\"ListItem\",\"position\":1,\"name\":\"Home\",\"item\":\"https:\/\/www.ankarsrum.com\/fr\/\"},{\"@type\":\"ListItem\",\"position\":2,\"name\":\"Recettes\",\"item\":\"https:\/\/www.ankarsrum.com\/fr\/recipe\/\"},{\"@type\":\"ListItem\",\"position\":3,\"name\":\"Glace vanille aux \u00e9clats de caramel sal\u00e9\"}]},{\"@type\":\"WebSite\",\"@id\":\"https:\/\/www.ankarsrum.com\/fr\/#website\",\"url\":\"https:\/\/www.ankarsrum.com\/fr\/\",\"name\":\"Ankarsrum France\",\"description\":\"The bread of the world\",\"potentialAction\":[{\"@type\":\"SearchAction\",\"target\":{\"@type\":\"EntryPoint\",\"urlTemplate\":\"https:\/\/www.ankarsrum.com\/fr\/?s={search_term_string}\"},\"query-input\":{\"@type\":\"PropertyValueSpecification\",\"valueRequired\":true,\"valueName\":\"search_term_string\"}}],\"inLanguage\":\"fr-FR\"}]}<\/script>\n<!-- \/ Yoast SEO Premium plugin. -->","yoast_head_json":{"title":"Recipe: Glace vanille aux \u00e9clats de caramel sal\u00e9 - Ankarsrum France","description":"Glace cr\u00e9meuse \u00e0 la vanille et au caramel sal\u00e9, cr\u00e9ant un d\u00e9licieux \u00e9quilibre de saveurs sucr\u00e9es et sal\u00e9es dans chaque boule.","robots":{"index":"index","follow":"follow","max-snippet":"max-snippet:-1","max-image-preview":"max-image-preview:large","max-video-preview":"max-video-preview:-1"},"canonical":"https:\/\/www.ankarsrum.com\/fr\/recette\/glace-vanille-aux-eclats-de-caramel-sale\/","og_locale":"fr_FR","og_type":"article","og_title":"Glace vanille aux \u00e9clats de caramel sal\u00e9","og_description":"Glace cr\u00e9meuse \u00e0 la vanille et au caramel sal\u00e9, cr\u00e9ant un d\u00e9licieux \u00e9quilibre de saveurs sucr\u00e9es et sal\u00e9es dans chaque boule.","og_url":"https:\/\/www.ankarsrum.com\/fr\/recette\/glace-vanille-aux-eclats-de-caramel-sale\/","og_site_name":"Ankarsrum France","article_modified_time":"2024-07-23T09:48:10+00:00","og_image":[{"width":1200,"height":630,"url":"https:\/\/www.ankarsrum.com\/fr\/wp-content\/uploads\/sites\/23\/2024\/04\/glass-1-scaled-e1714383759225.jpg","type":"image\/jpeg"}],"twitter_card":"summary_large_image","schema":{"@context":"https:\/\/schema.org","@graph":[{"@type":"WebPage","@id":"https:\/\/www.ankarsrum.com\/fr\/recette\/glace-vanille-aux-eclats-de-caramel-sale\/","url":"https:\/\/www.ankarsrum.com\/fr\/recette\/glace-vanille-aux-eclats-de-caramel-sale\/","name":"Recipe: Glace vanille aux \u00e9clats de caramel sal\u00e9 - Ankarsrum France","isPartOf":{"@id":"https:\/\/www.ankarsrum.com\/fr\/#website"},"primaryImageOfPage":{"@id":"https:\/\/www.ankarsrum.com\/fr\/recette\/glace-vanille-aux-eclats-de-caramel-sale\/#primaryimage"},"image":{"@id":"https:\/\/www.ankarsrum.com\/fr\/recette\/glace-vanille-aux-eclats-de-caramel-sale\/#primaryimage"},"thumbnailUrl":"https:\/\/www.ankarsrum.com\/img-srv\/7DW5mWgzHowpxzP8c9JE3JHfOlMfriTxaeVDUMstcFY\/resizing_type:auto\/width:0\/height:0\/gravity:sm\/enlarge:1\/ext:webp\/strip_metadata:1\/quality:90\/cachebuster:filesize-216649\/bG9jYWw6Ly8vd3d3LmFua2Fyc3J1bS5jb20vd3AtY29udGVudC91cGxvYWRzL3NpdGVzLzIzLzIwMjQvMDQvZ2xhc3MtMS1zY2FsZWQtZTE3MTQzODM3NTkyMjUuanBn.webp","datePublished":"2024-06-01T08:00:34+00:00","dateModified":"2024-07-23T09:48:10+00:00","description":"Glace cr\u00e9meuse \u00e0 la vanille et au caramel sal\u00e9, cr\u00e9ant un d\u00e9licieux \u00e9quilibre de saveurs sucr\u00e9es et sal\u00e9es dans chaque boule.","breadcrumb":{"@id":"https:\/\/www.ankarsrum.com\/fr\/recette\/glace-vanille-aux-eclats-de-caramel-sale\/#breadcrumb"},"inLanguage":"fr-FR","potentialAction":[{"@type":"ReadAction","target":["https:\/\/www.ankarsrum.com\/fr\/recette\/glace-vanille-aux-eclats-de-caramel-sale\/"]}]},{"@type":"ImageObject","inLanguage":"fr-FR","@id":"https:\/\/www.ankarsrum.com\/fr\/recette\/glace-vanille-aux-eclats-de-caramel-sale\/#primaryimage","url":"https:\/\/www.ankarsrum.com\/img-srv\/7DW5mWgzHowpxzP8c9JE3JHfOlMfriTxaeVDUMstcFY\/resizing_type:auto\/width:0\/height:0\/gravity:sm\/enlarge:1\/ext:webp\/strip_metadata:1\/quality:90\/cachebuster:filesize-216649\/bG9jYWw6Ly8vd3d3LmFua2Fyc3J1bS5jb20vd3AtY29udGVudC91cGxvYWRzL3NpdGVzLzIzLzIwMjQvMDQvZ2xhc3MtMS1zY2FsZWQtZTE3MTQzODM3NTkyMjUuanBn.webp","contentUrl":"https:\/\/www.ankarsrum.com\/img-srv\/7DW5mWgzHowpxzP8c9JE3JHfOlMfriTxaeVDUMstcFY\/resizing_type:auto\/width:0\/height:0\/gravity:sm\/enlarge:1\/ext:webp\/strip_metadata:1\/quality:90\/cachebuster:filesize-216649\/bG9jYWw6Ly8vd3d3LmFua2Fyc3J1bS5jb20vd3AtY29udGVudC91cGxvYWRzL3NpdGVzLzIzLzIwMjQvMDQvZ2xhc3MtMS1zY2FsZWQtZTE3MTQzODM3NTkyMjUuanBn.webp","width":1715,"height":1715},{"@type":"BreadcrumbList","@id":"https:\/\/www.ankarsrum.com\/fr\/recette\/glace-vanille-aux-eclats-de-caramel-sale\/#breadcrumb","itemListElement":[{"@type":"ListItem","position":1,"name":"Home","item":"https:\/\/www.ankarsrum.com\/fr\/"},{"@type":"ListItem","position":2,"name":"Recettes","item":"https:\/\/www.ankarsrum.com\/fr\/recipe\/"},{"@type":"ListItem","position":3,"name":"Glace vanille aux \u00e9clats de caramel sal\u00e9"}]},{"@type":"WebSite","@id":"https:\/\/www.ankarsrum.com\/fr\/#website","url":"https:\/\/www.ankarsrum.com\/fr\/","name":"Ankarsrum France","description":"The bread of the world","potentialAction":[{"@type":"SearchAction","target":{"@type":"EntryPoint","urlTemplate":"https:\/\/www.ankarsrum.com\/fr\/?s={search_term_string}"},"query-input":{"@type":"PropertyValueSpecification","valueRequired":true,"valueName":"search_term_string"}}],"inLanguage":"fr-FR"}]}},"_links":{"self":[{"href":"https:\/\/www.ankarsrum.com\/fr\/wp-json\/wp\/v2\/recipe\/9703","targetHints":{"allow":["GET"]}}],"collection":[{"href":"https:\/\/www.ankarsrum.com\/fr\/wp-json\/wp\/v2\/recipe"}],"about":[{"href":"https:\/\/www.ankarsrum.com\/fr\/wp-json\/wp\/v2\/types\/recipe"}],"version-history":[{"count":5,"href":"https:\/\/www.ankarsrum.com\/fr\/wp-json\/wp\/v2\/recipe\/9703\/revisions"}],"predecessor-version":[{"id":9894,"href":"https:\/\/www.ankarsrum.com\/fr\/wp-json\/wp\/v2\/recipe\/9703\/revisions\/9894"}],"wp:featuredmedia":[{"embeddable":true,"href":"https:\/\/www.ankarsrum.com\/fr\/wp-json\/wp\/v2\/media\/9706"}],"wp:attachment":[{"href":"https:\/\/www.ankarsrum.com\/fr\/wp-json\/wp\/v2\/media?parent=9703"}],"wp:term":[{"taxonomy":"tools","embeddable":true,"href":"https:\/\/www.ankarsrum.com\/fr\/wp-json\/wp\/v2\/tools?post=9703"},{"taxonomy":"dishes","embeddable":true,"href":"https:\/\/www.ankarsrum.com\/fr\/wp-json\/wp\/v2\/dishes?post=9703"}],"curies":[{"name":"wp","href":"https:\/\/api.w.org\/{rel}","templated":true}]}}